{"id":13053,"date":"2025-08-06T20:53:26","date_gmt":"2025-08-06T18:53:26","guid":{"rendered":"https:\/\/povijest.net\/ca\/?post_type=tribe_events&#038;p=13053"},"modified":"2025-09-03T13:35:15","modified_gmt":"2025-09-03T11:35:15","slug":"webinar-zds-ustase-partizani-marsovci-sto-zapravo-govorimo","status":"publish","type":"tribe_events","link":"https:\/\/povijest.net\/ca\/edukacija\/webinar-zds-ustase-partizani-marsovci-sto-zapravo-govorimo\/","title":{"rendered":"Webinar: ZDS, usta\u0161e, partizani, marsovci: \u0160to zapravo govorimo?"},"content":{"rendered":"<div  class=\"tribe-events-schedule tribe-clearfix\" >\n\t<p class=\"tribe-events-schedule__datetime\">\n\t\t<span class=\"tribe-events-schedule__date tribe-events-schedule__date--start\">\n\t\t\t11. rujna 2025.\t\t<\/span>\n\n\t\t\t\t\t<span class=\"tribe-events-schedule__separator tribe-events-schedule__separator--date\">\n\t\t\t\t @ \t\t\t<\/span>\n\t\t\t<span class=\"tribe-events-schedule__time tribe-events-schedule__time--start\">\n\t\t\t\t18:00\t\t\t<\/span>\n\t\t\n\t\t\t\t\t\t\t\t\t<span class=\"tribe-events-schedule__separator tribe-events-schedule__separator--time\">\n\t\t\t\t\t &#8211; \t\t\t\t<\/span>\n\t\t\t\n\t\t\t\t\t\t\t<span class=\"tribe-events-schedule__time tribe-events-schedule__time--end\">\n\t\t\t\t\t19:30\t\t\t\t<\/span>\n\t\t\t\n\t\t\t\t\t\t\t<span class=\"tribe-events-schedule__timezone\">CEST<\/span>\n\t\t\t\t\t\t<\/p>\n<\/div>\n\n\n\n<div class=\"wp-block-columns is-layout-flex wp-container-core-columns-is-layout-28f84493 wp-block-columns-is-layout-flex\">\n<div class=\"wp-block-column is-layout-flow wp-block-column-is-layout-flow\">\n<p>Ljetni mjeseci u Hrvatskoj ve\u0107 odavno nisu samo vrijeme odmora, ve\u0107 i razdoblje intenzivnih dru\u0161tvenih rasprava \u2013 o usta\u0161ama i partizanima, o HOS-u i ratnim pjesmama, o simbolima i znakovlju, o vojsci i navija\u010dima, o politi\u010darima i pjeva\u010dima. I dok se ve\u0107ina komentara svodi na podjele i me\u0111usobne optu\u017ebe, mnogi gra\u0111ani \u2013 osobito roditelji i u\u010ditelji \u2013 ostaju zbunjeni i bez jasnih odgovora.<\/p>\n<\/div>\n\n\n\n<div class=\"wp-block-column is-layout-flow wp-block-column-is-layout-flow\">\n<figure class=\"wp-block-image size-large\"><img loading=\"lazy\" decoding=\"async\" width=\"1024\" height=\"561\" src=\"https:\/\/povijest.net\/ca\/wp-content\/uploads\/2025\/08\/ustasovanje-1024x561.jpg\" alt=\"\" class=\"wp-image-13054\" srcset=\"https:\/\/povijest.net\/ca\/wp-content\/uploads\/2025\/08\/ustasovanje-1024x561.jpg 1024w, https:\/\/povijest.net\/ca\/wp-content\/uploads\/2025\/08\/ustasovanje-300x164.jpg 300w, https:\/\/povijest.net\/ca\/wp-content\/uploads\/2025\/08\/ustasovanje-768x420.jpg 768w, https:\/\/povijest.net\/ca\/wp-content\/uploads\/2025\/08\/ustasovanje.jpg 1180w\" sizes=\"auto, (max-width: 1024px) 100vw, 1024px\" \/><\/figure>\n<\/div>\n<\/div>\n\n\n\n<p>Ovaj <strong>BESPLATNI webinar<\/strong> i prate\u0107i online te\u010daj nastali su iz potrebe da se <em>pojasne temeljni pojmovi i simboli<\/em> koji su se kroz desetlje\u0107a mijenjali, politizirali i \u010desto izgubili izvorno zna\u010denje. Te\u010daj nije namijenjen stru\u010dnjacima za povijest, ve\u0107 <em>onima koji se do sada nisu sustavno bavili temom<\/em>, ali osje\u0107aju potrebu razumjeti kontekst kako bi mogli odgovorno razgovarati sa svojom djecom, u\u010denicima, kolegama i poznanicima.<\/p>\n\n\n\n<p>Bez optu\u017eivanja i ideolo\u0161kih etiketa, vodimo vas kroz klju\u010dne povijesne \u010dinjenice, razlike u tuma\u010denju, pravne okvire i dana\u0161nje posljedice.<\/p>\n\n\n\n<p>\u23f0 Webinar se odr\u017eava 11. rujna 2025. s po\u010detkom u 18.00 sati putem Zoom platforme. <a href=\"https:\/\/us02web.zoom.us\/meeting\/register\/Be7OPzzHRBeurWVg5VAeOg\">Registracija je potrebna<\/a> zbog organiziranog broja mjesta.<\/p>\n\n\n\n<p>\ud83c\udfac Webinar \u0107emo snimati, a dijelovi snimke bit \u0107e dostupni u te\u010daju.<\/p>\n\n\n\n<p>\ud83d\udce2 Za vas koji ne mo\u017eete uskladiti termine sve \u0107emo trajno prebaciti u <a href=\"https:\/\/edukacije.com.hr\/course\/zds-ustase-partizani-marsovci\/\" target=\"_blank\" rel=\"noreferrer noopener\"><em>online <\/em>te\u010daj dostupan na ovoj poveznici<\/a>.<\/p>\n\n\n\n<p class=\"has-text-align-center\"><strong>Platforma Klio<\/strong> (udruga u\u010ditelja i nastavnika povijesti) poziva vas na <strong>besplatan webinar<\/strong> koji \u0107e pomo\u0107i svima koji se <em>nikada profesionalno nisu bavili tim temama<\/em>, ali ih aktualna dru\u0161tvena situacija poti\u010de na informiranje.<\/p>\n\n\n<div  class=\"tribe-block tribe-block__event-price\" >\n\t\t\t<span class=\"tribe-block__event-price__cost\"> Free <\/span>\n\t\t<\/div>\n\n\n<div  class=\"tribe-block tribe-block__organizer__details tribe-clearfix\" >\n\t<div class=\"tribe-block__organizer__title\">\n\t\t<h3>Platforma Klio<\/h3>\n\t<\/div>\n\t\t\t\t<p class=\"tribe-block__organizer__website\"><a href=\"https:\/\/povijest.net\/ca\/udruga\/\" target=\"_blank\" rel=\"noopener noreferrer\">Pogledajte web stranicu Organizator<\/a><\/p>\n\t\t\t\t<p class=\"tribe-block__organizer__email\">u&#100;ru&#103;a&#064;&#112;&#111;vi&#106;est&#046;net<\/p>\n\t<\/div>\n\n\n<div  class=\"tribe-block tribe-block__venue tribe-clearfix\" >\n\t\n\t\n<div class=\"tribe-block__venue__meta\">\n\t<div class=\"tribe-block__venue__name\">\n\t\t<h3>Zoom<\/h3>\n\t<\/div>\n\n\t\n\t\t\t\n\t\t\n\t\t\t\n\t<\/div>\n\t\n\t<\/div>\n\n\n<div  class=\"tribe-block tribe-block__event-website\" >\n\t<a\n\t\thref=\"https:\/\/us02web.zoom.us\/meeting\/register\/Be7OPzzHRBeurWVg5VAeOg\"\n\t\ttarget=\"_self\"\n\t\t\t>\n\t\tOBAVEZNA REGISTRACIJA\t<\/a>\n<\/div>\n\n\n\t<div  class=\"tribe-block tribe-block__events-link\" >\n\t\t<div class=\"tribe-events tribe-common\">\n\t\t\t<div class=\"tribe-events-c-subscribe-dropdown__container\">\n\t\t\t\t<div class=\"tribe-events-c-subscribe-dropdown\">\n\t\t\t\t\t<div class=\"tribe-common-c-btn-border tribe-events-c-subscribe-dropdown__button\">\n\t\t\t\t\t\t<svg\n\t class=\"tribe-common-c-svgicon tribe-common-c-svgicon--cal-export tribe-events-c-subscribe-dropdown__export-icon\" \taria-hidden=\"true\"\n\tviewBox=\"0 0 23 17\"\n\txmlns=\"http:\/\/www.w3.org\/2000\/svg\"\n>\n\t<path fill-rule=\"evenodd\" clip-rule=\"evenodd\" d=\"M.128.896V16.13c0 .211.145.383.323.383h15.354c.179 0 .323-.172.323-.383V.896c0-.212-.144-.383-.323-.383H.451C.273.513.128.684.128.896Zm16 6.742h-.901V4.679H1.009v10.729h14.218v-3.336h.901V7.638ZM1.01 1.614h14.218v2.058H1.009V1.614Z\" \/>\n\t<path d=\"M20.5 9.846H8.312M18.524 6.953l2.89 2.909-2.855 2.855\" stroke-width=\"1.2\" stroke-linecap=\"round\" stroke-linejoin=\"round\"\/>\n<\/svg>\n\t\t\t\t\t\t<button\n\t\t\t\t\t\t\tclass=\"tribe-events-c-subscribe-dropdown__button-text\"\n\t\t\t\t\t\t\taria-expanded=\"false\"\n\t\t\t\t\t\t\taria-controls=\"tribe-events-subscribe-dropdown-content\"\n\t\t\t\t\t\t\taria-label=\"View links to add events to your calendar\"\n\t\t\t\t\t\t>\n\t\t\t\t\t\t\tAdd to calendar\t\t\t\t\t\t<\/button>\n\t\t\t\t\t\t<svg\n\t class=\"tribe-common-c-svgicon tribe-common-c-svgicon--caret-down tribe-events-c-subscribe-dropdown__button-icon\" \taria-hidden=\"true\"\n\tviewBox=\"0 0 10 7\"\n\txmlns=\"http:\/\/www.w3.org\/2000\/svg\"\n>\n\t<path fill-rule=\"evenodd\" clip-rule=\"evenodd\" d=\"M1.008.609L5 4.6 8.992.61l.958.958L5 6.517.05 1.566l.958-.958z\" class=\"tribe-common-c-svgicon__svg-fill\"\/>\n<\/svg>\n\t\t\t\t\t<\/div>\n\t\t\t\t\t<div id=\"tribe-events-subscribe-dropdown-content\" class=\"tribe-events-c-subscribe-dropdown__content\">\n\t\t\t\t\t\t<ul class=\"tribe-events-c-subscribe-dropdown__list\">\n\t\t\t\t\t\t\t\t\t\t\t\t\t\t\t<li class=\"tribe-events-c-subscribe-dropdown__list-item tribe-events-c-subscribe-dropdown__list-item--gcal\">\n\t\t\t\t\t\t\t\t\t<a\n\t\t\t\t\t\t\t\t\t\thref=\"https:\/\/www.google.com\/calendar\/event?action=TEMPLATE&#038;dates=20250911T180000\/20250911T193000&#038;text=Webinar%3A%20ZDS%2C%20usta%C5%A1e%2C%20partizani%2C%20marsovci%3A%20%C5%A0to%20zapravo%20govorimo%3F&#038;details=%3Cdiv+class%3D%22wp-block-columns%22%3E%3Cdiv+class%3D%22wp-block-column%22%3E%3Cp%3ELjetni+mjeseci+u+Hrvatskoj+ve%C4%87+odavno+nisu+samo+vrijeme+odmora%2C+ve%C4%87+i+razdoblje+intenzivnih+dru%C5%A1tvenih+rasprava+%E2%80%93+o+usta%C5%A1ama+i+partizanima%2C+o+HOS-u+i+ratnim+pjesmama%2C+o+simbolima+i+znakovlju%2C+o+vojsci+i+navija%C4%8Dima%2C+o+politi%C4%8Darima+i+pjeva%C4%8Dima.+I+dok+se+ve%C4%87ina+komentara+svodi+na+podjele+i+me%C4%91usobne+optu%C5%BEbe%2C+mnogi+gra%C4%91ani+%E2%80%93+osobito+roditelji+i+u%C4%8Ditelji+%E2%80%93+ostaju+zbunjeni+i+bez+jasnih+odgovora.%3C%2Fp%3E+%3C%2Fdiv%3E%3Cdiv+class%3D%22wp-block-column%22%3E%3Cfigure+class%3D%22wp-block-image+size-large%22%3E%3Cimg+src%3D%22https%3A%2F%2Fpovijest.net%2Fca%2Fwp-content%2Fuploads%2F2025%2F08%2Fustasovanje-1024x561.jpg%22+alt%3D%22%22+class%3D%22wp-image-13054%22%2F%3E%3C%2Ffigure%3E%3C%2Fdiv%3E%3C%2Fdiv%3E%3Cp%3EOvaj+%3Cstrong%3EBESPLATNI+webinar%3C%2Fstrong%3E+i+prate%C4%87i+online+te%C4%8Daj+nastali+su+iz+potrebe+da+se+%3Cem%3Epojasne+temeljni+pojmovi+i+simboli%3C%2Fem%3E+koji+su+se+kroz+desetlje%C4%87a+mijenjali%2C+politizirali+i+%C4%8Desto+izgubili+izvorno+zna%C4%8Denje.+Te%C4%8Daj+nije+namijenjen+stru%C4%8Dnjacima+za+povijest%2C+ve%C4%87+%3Ce%3C%2Fp%3E+%28View+Full+doga%C4%91aj+Description+Here%3A+https%3A%2F%2Fpovijest.net%2Fca%2Fedukacija%2Fwebinar-zds-ustase-partizani-marsovci-sto-zapravo-govorimo%2F%29&#038;location=Zoom&#038;trp=false&#038;ctz=Europe\/Zagreb&#038;sprop=website:https:\/\/povijest.net\/ca\"\n\t\t\t\t\t\t\t\t\t\tclass=\"tribe-events-c-subscribe-dropdown__list-item-link\"\n\t\t\t\t\t\t\t\t\t\ttarget=\"_blank\"\n\t\t\t\t\t\t\t\t\t\trel=\"noopener noreferrer nofollow noindex\"\n\t\t\t\t\t\t\t\t\t>\n\t\t\t\t\t\t\t\t\t\tDodaj u Google kalendar\t\t\t\t\t\t\t\t\t<\/a>\n\t\t\t\t\t\t\t\t<\/li>\n\t\t\t\t\t\t\t\t\t\t\t\t\t\t\t<li class=\"tribe-events-c-subscribe-dropdown__list-item tribe-events-c-subscribe-dropdown__list-item--ical\">\n\t\t\t\t\t\t\t\t\t<a\n\t\t\t\t\t\t\t\t\t\thref=\"\"\n\t\t\t\t\t\t\t\t\t\tclass=\"tribe-events-c-subscribe-dropdown__list-item-link\"\n\t\t\t\t\t\t\t\t\t\ttarget=\"_blank\"\n\t\t\t\t\t\t\t\t\t\trel=\"noopener noreferrer nofollow noindex\"\n\t\t\t\t\t\t\t\t\t>\n\t\t\t\t\t\t\t\t\t\tiCalendar\t\t\t\t\t\t\t\t\t<\/a>\n\t\t\t\t\t\t\t\t<\/li>\n\t\t\t\t\t\t\t\t\t\t\t\t\t\t\t<li class=\"tribe-events-c-subscribe-dropdown__list-item tribe-events-c-subscribe-dropdown__list-item--outlook-365\">\n\t\t\t\t\t\t\t\t\t<a\n\t\t\t\t\t\t\t\t\t\thref=\"\"\n\t\t\t\t\t\t\t\t\t\tclass=\"tribe-events-c-subscribe-dropdown__list-item-link\"\n\t\t\t\t\t\t\t\t\t\ttarget=\"_blank\"\n\t\t\t\t\t\t\t\t\t\trel=\"noopener noreferrer nofollow noindex\"\n\t\t\t\t\t\t\t\t\t>\n\t\t\t\t\t\t\t\t\t\tOutlook 365\t\t\t\t\t\t\t\t\t<\/a>\n\t\t\t\t\t\t\t\t<\/li>\n\t\t\t\t\t\t\t\t\t\t\t\t\t\t\t<li class=\"tribe-events-c-subscribe-dropdown__list-item tribe-events-c-subscribe-dropdown__list-item--outlook-live\">\n\t\t\t\t\t\t\t\t\t<a\n\t\t\t\t\t\t\t\t\t\thref=\"\"\n\t\t\t\t\t\t\t\t\t\tclass=\"tribe-events-c-subscribe-dropdown__list-item-link\"\n\t\t\t\t\t\t\t\t\t\ttarget=\"_blank\"\n\t\t\t\t\t\t\t\t\t\trel=\"noopener noreferrer nofollow noindex\"\n\t\t\t\t\t\t\t\t\t>\n\t\t\t\t\t\t\t\t\t\tOutlook Live\t\t\t\t\t\t\t\t\t<\/a>\n\t\t\t\t\t\t\t\t<\/li>\n\t\t\t\t\t\t\t\t\t\t\t\t\t<\/ul>\n\t\t\t\t\t<\/div>\n\t\t\t\t<\/div>\n\t\t\t<\/div>\n\t\t<\/div>\n\t<\/div>\n\n","protected":false},"excerpt":{"rendered":"<p>Ljetni mjeseci u Hrvatskoj ve\u0107 odavno nisu samo vrijeme odmora, ve\u0107 i razdoblje intenzivnih dru\u0161tvenih rasprava \u2013 o usta\u0161ama i partizanima, o HOS-u i ratnim pjesmama, o simbolima i znakovlju, [&hellip;]<\/p>\n","protected":false},"author":1,"featured_media":13054,"template":"","meta":{"_EventAllDay":false,"_EventTimezone":"Europe\/Zagreb","_EventStartDate":"2025-09-11 18:00:00","_EventEndDate":"2025-09-11 19:30:00","_EventStartDateUTC":"2025-09-11 16:00:00","_EventEndDateUTC":"2025-09-11 17:30:00","_EventShowMap":false,"_EventShowMapLink":false,"_EventURL":"https:\/\/us02web.zoom.us\/meeting\/register\/Be7OPzzHRBeurWVg5VAeOg","_EventCost":"Free","_EventCostDescription":"","_EventCurrencySymbol":"\u20ac","_EventCurrencyCode":"EUR","_EventCurrencyPosition":"prefix","_EventDateTimeSeparator":" @ ","_EventTimeRangeSeparator":" - ","_EventOrganizerID":[1445],"_EventVenueID":[132],"_OrganizerEmail":"","_OrganizerPhone":"","_OrganizerWebsite":"","_VenueAddress":"","_VenueCity":"","_VenueCountry":"","_VenueProvince":"","_VenueState":"","_VenueZip":"","_VenuePhone":"","_VenueURL":"","_VenueStateProvince":"","_VenueLat":"","_VenueLng":"","_VenueShowMap":false,"_VenueShowMapLink":false,"_tribe_events_status":"","_tribe_events_status_reason":"","footnotes":""},"tags":[],"tribe_events_cat":[695],"class_list":["post-13053","tribe_events","type-tribe_events","status-publish","has-post-thumbnail","hentry","tribe_events_cat-goo","cat_goo"],"_links":{"self":[{"href":"https:\/\/povijest.net\/ca\/wp-json\/wp\/v2\/tribe_events\/13053","targetHints":{"allow":["GET"]}}],"collection":[{"href":"https:\/\/povijest.net\/ca\/wp-json\/wp\/v2\/tribe_events"}],"about":[{"href":"https:\/\/povijest.net\/ca\/wp-json\/wp\/v2\/types\/tribe_events"}],"author":[{"embeddable":true,"href":"https:\/\/povijest.net\/ca\/wp-json\/wp\/v2\/users\/1"}],"version-history":[{"count":4,"href":"https:\/\/povijest.net\/ca\/wp-json\/wp\/v2\/tribe_events\/13053\/revisions"}],"predecessor-version":[{"id":13257,"href":"https:\/\/povijest.net\/ca\/wp-json\/wp\/v2\/tribe_events\/13053\/revisions\/13257"}],"wp:featuredmedia":[{"embeddable":true,"href":"https:\/\/povijest.net\/ca\/wp-json\/wp\/v2\/media\/13054"}],"wp:attachment":[{"href":"https:\/\/povijest.net\/ca\/wp-json\/wp\/v2\/media?parent=13053"}],"wp:term":[{"taxonomy":"post_tag","embeddable":true,"href":"https:\/\/povijest.net\/ca\/wp-json\/wp\/v2\/tags?post=13053"},{"taxonomy":"tribe_events_cat","embeddable":true,"href":"https:\/\/povijest.net\/ca\/wp-json\/wp\/v2\/tribe_events_cat?post=13053"}],"curies":[{"name":"wp","href":"https:\/\/api.w.org\/{rel}","templated":true}]}}